{"id":25,"date":"2012-08-30T09:10:48","date_gmt":"2012-08-30T09:10:48","guid":{"rendered":"http:\/\/feldbahn.hostingsociety.com\/blog\/?page_id=25"},"modified":"2026-01-25T14:50:37","modified_gmt":"2026-01-25T13:50:37","slug":"loks","status":"publish","type":"page","link":"http:\/\/hofherrm.de\/feldbahn\/?page_id=25","title":{"rendered":"Loks"},"content":{"rendered":"\n<p style=\"text-align: left;\">Die Loks der Feldbahn Speyerdorf<\/p>\n<table class=\" alignleft\" style=\"height: 208px; width: 97.5%;\" border=\"0\" width=\"589\" frame=\"border\" align=\"left\">\n<tbody>\n<tr style=\"height: 25px;\">\n<td style=\"width: 5.00611%; height: 25px;\"><strong><span style=\"font-size: medium;\"><span style=\"font-family: 'Times New Roman', Times, 'Times NewRoman';\">Nr.<\/span><\/span><\/strong><\/td>\n<td style=\"width: 52.5031%; height: 25px;\"><strong><span style=\"font-size: medium;\"><span style=\"font-family: 'Times New Roman', Times, 'Times NewRoman';\">Herstellerdaten<\/span><\/span><\/strong><\/td>\n<td style=\"width: 11.1111%; height: 25px;\"><strong><span style=\"font-size: medium;\"> <span style=\"font-family: 'Times New Roman', Times, 'Times NewRoman';\">Typ<\/span><\/span><\/strong><\/td>\n<td style=\"width: 15.2625%; height: 25px;\"><strong><span style=\"font-size: medium;\"> <span style=\"font-family: 'Times New Roman', Times, 'Times NewRoman';\">Status<\/span><\/span><\/strong><\/td>\n<td style=\"width: 14.5299%; height: 25px;\"><strong><span style=\"font-size: medium;\"> <span style=\"font-family: 'Times New Roman', Times, 'Times NewRoman';\">Bemerkung<\/span><\/span><\/strong><\/td>\n<\/tr>\n<tr style=\"height: 25px;\">\n<td style=\"width: 5.00611%; height: 25px;\"><span style=\"font-size: medium;\">1<\/span><\/td>\n<td style=\"width: 52.5031%; height: 25px;\"><span style=\"font-size: medium;\"> <span style=\"font-family: 'Times New Roman', Times, 'Times NewRoman';\"><strong>Diema<\/strong> Nr. 2223\/<strong>1959<\/strong> <\/span><\/span><\/td>\n<td style=\"width: 11.1111%; height: 25px;\"><strong><span style=\"font-size: medium;\"><span style=\"font-family: 'Times New Roman',Times,'Times NewRoman';\"> DL 6<\/span><\/span><\/strong><\/td>\n<td style=\"width: 15.2625%; height: 25px;\"><span style=\"font-size: medium;\"> <span style=\"font-family: 'Times New Roman', Times, 'Times NewRoman';\">betriebsf\u00e4hig<\/span><\/span><\/td>\n<td style=\"width: 14.5299%; height: 25px;\"><span style=\"font-size: medium;\"> <span style=\"font-family: 'Times New Roman', Times, 'Times NewRoman';\">1,15t a)<\/span><\/span><\/td>\n<\/tr>\n<tr style=\"height: 67px;\">\n<td style=\"width: 5.00611%; height: 67px;\"><span style=\"font-size: medium;\">2<\/span><\/td>\n<td style=\"width: 52.5031%; height: 67px;\"><span style=\"font-size: medium;\"><span style=\"font-family: 'Times New Roman',Times,'Times NewRoman';\"><strong>Diema<\/strong> Nr. 2448\/<\/span><\/span><span style=\"font-size: medium;\"><span style=\"font-family: 'Times New Roman',Times,'Times NewRoman';\"><strong>1981<\/strong><\/span><\/span><em><span style=\"font-size: medium;\"><span style=\"font-family: 'Times New Roman',Times,'Times NewRoman';\"><br \/><\/span><span style=\"font-family: 'Times New Roman',Times;\">(befindet sich jetzt im Besitz des DFKM-Deinste)<br \/><\/span><\/span><\/em><\/td>\n<td style=\"width: 11.1111%; height: 67px;\"><em><strong><span style=\"font-size: medium;\"> <span style=\"font-family: 'Times New Roman',Times,'Times NewRoman';\">DL 8<\/span><\/span><\/strong><\/em><\/td>\n<td style=\"width: 15.2625%; height: 67px;\"><em><span style=\"font-size: medium;\"> <span style=\"font-family: 'Times New Roman',Times,'Times NewRoman';\">betriebsf\u00e4hig<\/span><\/span><\/em><\/td>\n<td style=\"width: 14.5299%; height: 67px;\"><em><span style=\"font-size: medium;\"> <span style=\"font-family: 'Times New Roman',Times,'Times NewRoman';\"> 2,1 t\u00a0 b)<\/span><\/span><\/em><\/td>\n<\/tr>\n<tr style=\"height: 46px;\">\n<td style=\"width: 5.00611%; height: 46px;\"><span style=\"font-size: medium;\">3<\/span><\/td>\n<td style=\"width: 52.5031%; height: 46px;\"><span style=\"font-size: medium;\"> <span style=\"font-family: 'Times New Roman', Times, 'Times NewRoman';\"><strong>Gmeinder\u00a0\u00a0 <\/strong>2557\/ <strong>1936<\/strong> \u00a0\u00a0\u00a0\u00a0\u00a0\u00a0 mit F\u00fchrerhaus, abgegeben 2024\u00a0 \u00a0 \u00a0 \u00a0 \u00a0 \u00a0 \u00a0 \u00a0 \u00a0 \u00a0 \u00a0an einen Sammler im badischen Reinstetten<\/span><\/span><\/td>\n<td style=\"width: 11.1111%; height: 46px;\"><strong><span style=\"font-size: medium;\"><span style=\"font-family: 'Times New Roman',Times,'Times NewRoman';\">10\/12 PS<\/span><\/span><\/strong><\/td>\n<td style=\"width: 15.2625%; height: 46px;\"><span style=\"font-size: medium;\"> <span style=\"font-family: 'Times New Roman', Times, 'Times NewRoman';\">betriebsf\u00e4hig<\/span><\/span><\/td>\n<td style=\"width: 14.5299%; height: 46px;\"><span style=\"font-size: medium;\"> <span style=\"font-family: 'Times New Roman', Times, 'Times NewRoman';\">3,2 t\u00a0 c)<\/span><\/span><\/td>\n<\/tr>\n<tr style=\"height: 25px;\">\n<td style=\"width: 5.00611%; height: 35px;\"><span style=\"font-size: medium;\">4<\/span><\/td>\n<td style=\"width: 52.5031%; height: 35px;\"><span style=\"font-size: medium;\"> <span style=\"font-family: 'Times New Roman', Times, 'Times NewRoman';\"><strong>Str\u00fcver<\/strong> \u00a0\u00a0\u00a0 60149\/ <strong>1948<\/strong><\/span><\/span><\/td>\n<td style=\"width: 11.1111%; height: 35px;\"><strong><span style=\"font-size: medium;\"> <span style=\"font-family: 'Times New Roman',Times,'Times NewRoman';\">Kuli<\/span><\/span><\/strong><\/td>\n<td style=\"width: 15.2625%; height: 35px;\"><span style=\"font-size: medium;\"> <span style=\"font-family: 'Times New Roman', Times, 'Times NewRoman';\">betriebsf\u00e4hig<\/span><\/span><\/td>\n<td style=\"width: 14.5299%; height: 35px;\"><span style=\"font-size: medium;\"> <span style=\"font-family: 'Times New Roman', Times, 'Times NewRoman';\">0,73t d)<\/span><\/span><\/td>\n<\/tr>\n<tr style=\"height: 87px;\">\n<td style=\"width: 5.00611%; height: 10px;\"><span style=\"font-size: medium;\">5<\/span><\/td>\n<td style=\"text-align: left; width: 52.5031%; height: 10px;\">\n<p><span style=\"font-size: medium;\"> <span style=\"font-family: 'Times New Roman', Times, 'Times NewRoman';\"><strong>Gmeinder<\/strong> 2519 \/ <strong>1939<\/strong> offen,ohne F\u00fchrerhaus, \u00a0 \u00a0 \u00a0 \u00a0 \u00a0 \u00a0 \u00a0 \u00a0 \u00a0 \u00a0 \u00a0 \u00a0 \u00a0\u00a0 <br \/><\/span><\/span><\/p>\n<p>\u00a0<\/p>\n<\/td>\n<td style=\"width: 11.1111%; height: 10px;\"><span style=\"font-size: 10pt;\"><strong><strong><span style=\"font-size: medium;\"><span style=\"font-family: 'Times New Roman',Times,'Times NewRoman';\">10\/12 PS<\/span><\/span><\/strong><\/strong><\/span><\/td>\n<td style=\"width: 15.2625%; height: 10px;\"><span style=\"font-size: medium;\"> <span style=\"font-family: 'Times New Roman', Times, 'Times NewRoman';\">betriebsf\u00e4hig<\/span><\/span><\/td>\n<td style=\"width: 14.5299%; height: 10px;\"><span style=\"font-size: medium;\"> <span style=\"font-size: 12pt;\">3<\/span><span style=\"font-family: 'Times New Roman', Times, 'Times NewRoman';\">,0 t\u00a0 e)<\/span><\/span><\/td>\n<\/tr>\n<\/tbody>\n<\/table>\n<table class=\" alignleft\" style=\"width: 76.9841%; height: 85px;\" border=\"0\">\n<tbody>\n<tr style=\"height: 66px;\">\n<td style=\"height: 66px; width: 100%;\">\n<p><span style=\"font-size: medium;\">a)\u00a0 \u00a0 \u00a0 <\/span><span style=\"font-size: medium;\">\u00a0 \u00a0\u00a0<\/span><\/p>\n<p><span style=\"font-size: medium;\">Zellstoff AG, Hannoversch-M\u00fcnden \/1989 Privat, Hausman\u00a0 n, Wiesbaden, 1992 Privat, Dieter Hofherr, <\/span><span style=\"font-size: medium;\">Neustadt-Speyerdorf &#8222;<br \/><\/span><\/p>\n<\/td>\n<\/tr>\n<tr style=\"height: 45px;\">\n<td style=\"height: 45px; width: 100%;\">\n<p><span style=\"font-size: medium;\">b) urspr\u00fcnglich Gipswerk Eltingen , Leonberg bei Gaildorf 1989 ex privat, 1999 Feldbahn\u00a0<\/span><\/p>\n<p>\u00a0<\/p>\n<\/td>\n<\/tr>\n<tr style=\"height: 45px;\">\n<td style=\"height: 45px; width: 100%;\">\n<p><span style=\"font-size: medium;\">c) 1936 ex Fa. Leber &amp; S\u00f6hne, Graben-Neudorf f\u00fcr Zeche Grimberg, 19xx an Grube Heulenberg, Berghausen bei Bruchsal, <\/span><span style=\"font-size: medium;\">19<\/span><span style=\"font-size: medium;\">80<\/span><\/p>\n<p><span style=\"font-size: medium;\"> an Uli Mihlan, <\/span><\/p>\n<p><span style=\"font-size: medium;\">Eisenberg, <\/span><\/p>\n<p><span style=\"font-size: medium;\">1990 an Feldbahn Speyerdorf<\/span><\/p>\n<p>\u00a0<\/p>\n<\/td>\n<\/tr>\n<tr style=\"height: 45px;\">\n<td style=\"height: 61px; width: 100%;\">\n<p>\u00a0<\/p>\n<p>\u00a0<\/p>\n<p><span style=\"font-size: medium;\">d) urspr\u00fcnglich Hamburgische Wasserwerke (500mm), 1980 privat, Theo S<\/span><span style=\"font-size: medium;\">cheres,K\u00f6ln, 1999 an Feldbahn<\/span><span style=\"font-size: medium;\">Speyerdorf, 2023 verkauft an <strong>Erlebnisbahnhof 3Seenbahn, Seebrugg<\/strong> (Schwarzwald)<br \/><\/span><\/p>\n<p>\u00a0<\/p>\n<p>\u00a0<\/p>\n<\/td>\n<\/tr>\n<tr style=\"height: 10px;\">\n<td style=\"height: 10px; width: 100%;\">\n<p><span style=\"font-size: medium;\">e) geliefert an Baufirma WALKER, T\u00fcbingen, 2011 an Feldbahn Speyerdorf ,\u00a0<\/span><\/p>\n<p>\u00a0<\/p>\n<p>\u00a0<\/p>\n<p>\u00a0<\/p>\n<p>\u00a0<\/p>\n<p>\u00a0<\/p>\n<p>\u00a0<\/p>\n<p>\u00a0<\/p>\n<p><span style=\"font-size: medium;\">\u00a0restauriert v.Fa.Bormann, Ramsen, <strong>2018 verkauft an Feldbahnfreunde in Heilbronn<\/strong><\/span><\/p>\n<p>\u00a0<\/p>\n<p>\u00a0<\/p>\n<p>\u00a0<\/p>\n<p>\u00a0<\/p>\n<\/td>\n<\/tr>\n<\/tbody>\n<\/table>\n<p>\u00a0<\/p>\n<p>\u00a0<\/p>\n<p>\u00a0<\/p>\n<p>\u00a0<\/p>\n<p>\u00a0<\/p>\n<p>\u00a0<\/p>\n<p style=\"text-align: left;\"><span style=\"font-size: medium;\">\u00a0 \u00a0 \u00a0 \u00a0 \u00a0 \u00a0 \u00a0 \u00a0 \u00a0 \u00a0 \u00a0 \u00a0 \u00a0 \u00a0 \u00a0 \u00a0 \u00a0 \u00a0 \u00a0 \u00a0 \u00a0 \u00a0 \u00a0 \u00a0 \u00a0 \u00a0 \u00a0 \u00a0 \u00a0 \u00a0 \u00a0 \u00a0 \u00a0 \u00a0 \u00a0 \u00a0 \u00a0 \u00a0 \u00a0 \u00a0 \u00a0 \u00a0 \u00a0 \u00a0 \u00a0 \u00a0 \u00a0 \u00a0 \u00a0 \u00a0 \u00a0 \u00a0 \u00a0 \u00a0 \u00a0 \u00a0 \u00a0 \u00a0 \u00a0 \u00a0 \u00a0 \u00a0 \u00a0 \u00a0 \u00a0 \u00a0 \u00a0 \u00a0 \u00a0 \u00a0 \u00a0 \u00a0 \u00a0 \u00a0 \u00a0 \u00a0 \u00a0 \u00a0 \u00a0 \u00a0 \u00a0 \u00a0 \u00a0 \u00a0 \u00a0 \u00a0 \u00a0 \u00a0\u00a0<\/span><\/p>\n<p style=\"text-align: left;\"><span style=\"font-size: medium;\">\u00a0Nach vielen Telefonaten und Recherchen, fand ich 1986 einen Sammler im badischen Land, der mir eine\u00a0<\/span><span style=\"font-size: medium;\"> <strong>O&amp;K Bd 2<\/strong> (4,5t)\u00a0 \u00a0 \u00a0 \u00a0 \u00a0<\/span><span style=\"font-size: medium;\">die ich dann irgendwann auch per Muldenkipp -LKW holte und zun\u00e4chst auf zwei Holzbalken in den Hof stellte.<\/span><\/p>\n<p><a href=\"http:\/\/hofherrm.de\/feldbahn\/wp-content\/uploads\/2012\/08\/O_K_MD2.jpg\"><img loading=\"lazy\" decoding=\"async\" class=\"wp-image-72 aligncenter\" src=\"http:\/\/hofherrm.de\/feldbahn\/wp-content\/uploads\/2012\/08\/O_K_MD2.jpg\" alt=\"\" width=\"524\" height=\"349\" srcset=\"http:\/\/hofherrm.de\/feldbahn\/wp-content\/uploads\/2012\/08\/O_K_MD2.jpg 360w, http:\/\/hofherrm.de\/feldbahn\/wp-content\/uploads\/2012\/08\/O_K_MD2-300x200.jpg 300w\" sizes=\"auto, (max-width: 524px) 100vw, 524px\" \/><\/a><\/p>\n<p style=\"text-align: left;\"><span style=\"font-size: medium;\"><a style=\"color: #bb1100; font-size: small;\" href=\"http:\/\/hofherrm.de\/feldbahn\/wp-content\/uploads\/2012\/08\/Transport_der_1.Lok_Diema_DS_12_8.8.jpg\"><img loading=\"lazy\" decoding=\"async\" class=\"wp-image-76 aligncenter\" style=\"border-color: #bbbbbb; background-color: #eeeeee;\" title=\"Transport_der_1.Lok_Diema_DS_12_8.8\" src=\"http:\/\/hofherrm.de\/feldbahn\/wp-content\/uploads\/2012\/08\/Transport_der_1.Lok_Diema_DS_12_8.8.jpg\" alt=\"\" width=\"527\" height=\"379\" srcset=\"http:\/\/hofherrm.de\/feldbahn\/wp-content\/uploads\/2012\/08\/Transport_der_1.Lok_Diema_DS_12_8.8.jpg 365w, http:\/\/hofherrm.de\/feldbahn\/wp-content\/uploads\/2012\/08\/Transport_der_1.Lok_Diema_DS_12_8.8-300x215.jpg 300w\" sizes=\"auto, (max-width: 527px) 100vw, 527px\" \/><\/a><\/span><\/p>\n<p style=\"text-align: left;\">Durch Zufall kam Gerhard Faust (Feldbahnmuseum Guldental) v<span style=\"font-size: medium;\">orbei, pr\u00fcfte die Lok, sie lief, jedoch meinte er, da\u00df diese f\u00fcr meinen Gleisbau \u00a0 \u00a0\u00a0 (S 10) doch zu schwer sei und er k\u00f6nnte mir im Tausch eine DIEMA DS 12 (3to.) -betriebsbereit- anbieten. Also hie\u00df es dann im August 1987 die O&amp;K wieder aufladen, nach Guldental karren, abladen und die DIEMA aufladen. Dachaufbau erfolgte 1988.<br \/><\/span><\/p>\n<p style=\"text-align: left;\"><span style=\"font-size: medium;\"><a href=\"http:\/\/hofherrm.de\/feldbahn\/wp-content\/uploads\/2012\/08\/Ds_12_1991.jpg\"><img loading=\"lazy\" decoding=\"async\" class=\"alignnone  wp-image-63\" title=\"Ds_12_1991\" src=\"http:\/\/hofherrm.de\/feldbahn\/wp-content\/uploads\/2012\/08\/Ds_12_1991.jpg\" alt=\"\" width=\"932\" height=\"350\" srcset=\"http:\/\/hofherrm.de\/feldbahn\/wp-content\/uploads\/2012\/08\/Ds_12_1991.jpg 720w, http:\/\/hofherrm.de\/feldbahn\/wp-content\/uploads\/2012\/08\/Ds_12_1991-300x112.jpg 300w, http:\/\/hofherrm.de\/feldbahn\/wp-content\/uploads\/2012\/08\/Ds_12_1991-500x187.jpg 500w\" sizes=\"auto, (max-width: 932px) 100vw, 932px\" \/><\/a><\/span><\/p>\n<p style=\"text-align: left;\"><span style=\"font-size: medium;\"><a href=\"http:\/\/hofherrm.de\/feldbahn\/wp-content\/uploads\/2012\/08\/Transport_von_Diema_DL_6_von_Wiesbaden.jpg\"><img loading=\"lazy\" decoding=\"async\" class=\" wp-image-77 alignleft\" title=\"Transport_von_Diema_DL_6_von_Wiesbaden\" src=\"http:\/\/hofherrm.de\/feldbahn\/wp-content\/uploads\/2012\/08\/Transport_von_Diema_DL_6_von_Wiesbaden.jpg\" alt=\"\" width=\"599\" height=\"405\" srcset=\"http:\/\/hofherrm.de\/feldbahn\/wp-content\/uploads\/2012\/08\/Transport_von_Diema_DL_6_von_Wiesbaden.jpg 360w, http:\/\/hofherrm.de\/feldbahn\/wp-content\/uploads\/2012\/08\/Transport_von_Diema_DL_6_von_Wiesbaden-300x202.jpg 300w\" sizes=\"auto, (max-width: 599px) 100vw, 599px\" \/><\/a><span style=\"color: black;\"> \u00a0\u00a0\u00a0\u00a0\u00a0 1988 bot mir Horst Hausmann aus Wiesbaden eine <strong>DIEMA DL6 <\/strong>(1,15 to) <\/span>an, die er aus techn.Interesse restauriert hatte, damit erweiterte sich die Sammlung um eine handliche Klein-Diesellok. Die Abholung machte ich zum erstenmal mit eigenem PKW-Anh\u00e4nger.<\/span><\/p>\n<p style=\"text-align: left;\"><span style=\"font-size: medium;\"><a href=\"http:\/\/hofherrm.de\/feldbahn\/wp-content\/uploads\/2012\/08\/Diema_m.Sommerwagen_.jpg\"><img loading=\"lazy\" decoding=\"async\" class=\"alignleft wp-image-60\" title=\"Diema_m.Sommerwagen_\" src=\"http:\/\/hofherrm.de\/feldbahn\/wp-content\/uploads\/2012\/08\/Diema_m.Sommerwagen_.jpg\" alt=\"\" width=\"595\" height=\"446\" srcset=\"http:\/\/hofherrm.de\/feldbahn\/wp-content\/uploads\/2012\/08\/Diema_m.Sommerwagen_.jpg 360w, http:\/\/hofherrm.de\/feldbahn\/wp-content\/uploads\/2012\/08\/Diema_m.Sommerwagen_-300x225.jpg 300w\" sizes=\"auto, (max-width: 595px) 100vw, 595px\" \/><\/a><\/span><\/p>\n<p style=\"text-align: left;\"><span style=\"font-size: medium;\">D<span style=\"color: black;\">ie Lok wurde auch \u00e4u\u00dferlich neu hergerichtet und ist nun das \u201et\u00e4gliche Arbeitspferd\u201c, war von 1995-2005 haupts\u00e4chlich im Einsatz bei der mobilen Feldbahn, da der Transport mit eigenem H\u00e4nger noch m\u00f6glich ist. Die Spurkr\u00e4nze waren allerdings stark abgenutzt und wurden 2014 mit neu gedrehten Stahlr\u00e4dern ersetzt, auch die Bremskl\u00f6tze wurden erneuert.<\/span><\/span><\/p>\n<p>\u00a0<\/p>\n<p>\u00a0<\/p>\n<p>\u00a0<\/p>\n<p style=\"text-align: left;\"><span style=\"font-size: medium;\"><span style=\"color: black;\"> <a href=\"http:\/\/hofherrm.de\/feldbahn\/wp-content\/uploads\/2012\/08\/Achse-DL6.jpg\"><img loading=\"lazy\" decoding=\"async\" class=\"alignleft wp-image-354\" src=\"http:\/\/hofherrm.de\/feldbahn\/wp-content\/uploads\/2012\/08\/Achse-DL6.jpg\" alt=\"Achse DL6\" width=\"587\" height=\"330\" srcset=\"http:\/\/hofherrm.de\/feldbahn\/wp-content\/uploads\/2012\/08\/Achse-DL6.jpg 3264w, http:\/\/hofherrm.de\/feldbahn\/wp-content\/uploads\/2012\/08\/Achse-DL6-300x168.jpg 300w, http:\/\/hofherrm.de\/feldbahn\/wp-content\/uploads\/2012\/08\/Achse-DL6-1024x576.jpg 1024w, http:\/\/hofherrm.de\/feldbahn\/wp-content\/uploads\/2012\/08\/Achse-DL6-500x281.jpg 500w\" sizes=\"auto, (max-width: 587px) 100vw, 587px\" \/><\/a><\/span><\/span><\/p>\n<p>\u00a0<\/p>\n<p>\u00a0<\/p>\n<p>\u00a0<\/p>\n<p>\u00a0<\/p>\n<p>\u00a0<\/p>\n<p>\u00a0<\/p>\n<p style=\"text-align: left;\"><a style=\"font-size: medium;\" href=\"http:\/\/hofherrm.de\/feldbahn\/wp-content\/uploads\/2012\/08\/Diema_DL6_m.jpg\"><span style=\"color: #000000;\"><strong>\u00a0\u00a0\u00a0\u00a0\u00a0\u00a0\u00a0<\/strong><\/span><\/a><\/p>\n<p>\u00a0<\/p>\n<p>\u00a0<\/p>\n<p style=\"text-align: left;\"><strong><a href=\"http:\/\/hofherrm.de\/feldbahn\/wp-content\/uploads\/2012\/08\/Diema_DL6_m.jpg\">DL 6 mit den Sommerwagen beim Bahnhofsfest Pirmasens-<\/a><a href=\"http:\/\/hofherrm.de\/feldbahn\/wp-content\/uploads\/2012\/08\/Diema_DL6_m.jpg\">Bieberm\u00fchle (Oktober 2000)<\/a><\/strong><\/p>\n<p style=\"text-align: left;\"><a style=\"font-size: medium;\" href=\"http:\/\/hofherrm.de\/feldbahn\/wp-content\/uploads\/2012\/08\/Diema_DL6_m.jpg\"><span style=\"color: #000000;\"><strong>&#8211;\u00a0\u00a0\u00a0\u00a0 <\/strong><\/span><\/a><\/p>\n<p style=\"text-align: left;\"><a style=\"font-size: medium;\" href=\"http:\/\/hofherrm.de\/feldbahn\/wp-content\/uploads\/2012\/08\/Diema_DL6_m.jpg\"><img loading=\"lazy\" decoding=\"async\" class=\"alignnone wp-image-58\" title=\"Diema_DL6_m\" src=\"http:\/\/hofherrm.de\/feldbahn\/wp-content\/uploads\/2012\/08\/Diema_DL6_m.jpg\" alt=\"\" width=\"880\" height=\"303\" srcset=\"http:\/\/hofherrm.de\/feldbahn\/wp-content\/uploads\/2012\/08\/Diema_DL6_m.jpg 720w, http:\/\/hofherrm.de\/feldbahn\/wp-content\/uploads\/2012\/08\/Diema_DL6_m-300x103.jpg 300w, http:\/\/hofherrm.de\/feldbahn\/wp-content\/uploads\/2012\/08\/Diema_DL6_m-500x172.jpg 500w\" sizes=\"auto, (max-width: 880px) 100vw, 880px\" \/><\/a><\/p>\n<p>\u00a0<\/p>\n<table class=\" alignleft\" border=\"0\">\n<tbody>\n<tr>\n<td><span style=\"font-size: medium;\"><a style=\"color: #bb1100; line-height: 22.383333206176758px;\" href=\"http:\/\/hofherrm.de\/feldbahn\/wp-content\/uploads\/2012\/08\/dimasom.jpg\"><img loading=\"lazy\" decoding=\"async\" class=\" wp-image-61 alignnone\" style=\"border-color: #bbbbbb; margin-top: 0.4em; background-color: #eeeeee;\" title=\"dimasom\" src=\"http:\/\/hofherrm.de\/feldbahn\/wp-content\/uploads\/2012\/08\/dimasom.jpg\" alt=\"\" width=\"485\" height=\"285\" srcset=\"http:\/\/hofherrm.de\/feldbahn\/wp-content\/uploads\/2012\/08\/dimasom.jpg 362w, http:\/\/hofherrm.de\/feldbahn\/wp-content\/uploads\/2012\/08\/dimasom-300x176.jpg 300w\" sizes=\"auto, (max-width: 485px) 100vw, 485px\" \/><\/a><\/span><\/td>\n<td><span style=\"font-size: medium;\"><a style=\"color: #bb1100; line-height: 22.383333206176758px;\" href=\"http:\/\/hofherrm.de\/feldbahn\/wp-content\/uploads\/2012\/08\/dimasom.jpg\"><img loading=\"lazy\" decoding=\"async\" class=\"alignnone wp-image-54\" style=\"border-color: #bbbbbb; margin-top: 0.4em; background-color: #eeeeee;\" title=\"Arbeitszug_Diema\" src=\"http:\/\/hofherrm.de\/feldbahn\/wp-content\/uploads\/2012\/08\/Arbeitszug_Diema.jpg\" alt=\"\" width=\"459\" height=\"381\" srcset=\"http:\/\/hofherrm.de\/feldbahn\/wp-content\/uploads\/2012\/08\/Arbeitszug_Diema.jpg 365w, http:\/\/hofherrm.de\/feldbahn\/wp-content\/uploads\/2012\/08\/Arbeitszug_Diema-300x249.jpg 300w, http:\/\/hofherrm.de\/feldbahn\/wp-content\/uploads\/2012\/08\/Arbeitszug_Diema-361x300.jpg 361w\" sizes=\"auto, (max-width: 459px) 100vw, 459px\" \/><\/a><\/span><\/td>\n<\/tr>\n<\/tbody>\n<\/table>\n<p style=\"text-align: left;\"><span style=\"font-size: medium;\"><em><img loading=\"lazy\" decoding=\"async\" class=\"alignleft\" title=\"Lok_Gmeinder_beim_Stra_enfest_1991\" src=\"http:\/\/hofherrm.de\/feldbahn\/wp-content\/uploads\/2012\/08\/Lok_Gmeinder_beim_Stra_enfest_1991.jpg\" alt=\"\" width=\"837\" height=\"651\" \/><\/em><\/span><\/p>\n<p>\u00a0<\/p>\n<h4 style=\"text-align: left;\"><span style=\"font-size: medium;\">\u00a0\u00a0\u00a0\u00a0\u00a0\u00a0\u00a0\u00a0\u00a0\u00a0\u00a0\u00a0\u00a0\u00a0\u00a0\u00a0\u00a0\u00a0\u00a0\u00a0\u00a0\u00a0\u00a0\u00a0\u00a0\u00a0\u00a0\u00a0\u00a0\u00a0\u00a0\u00a0\u00a0\u00a0\u00a0\u00a0\u00a0\u00a0\u00a0\u00a0\u00a0\u00a0\u00a0\u00a0\u00a0\u00a0\u00a0\u00a0\u00a0\u00a0\u00a0\u00a0\u00a0\u00a0\u00a0\u00a0\u00a0\u00a0\u00a0\u00a0\u00a0\u00a0\u00a0\u00a0\u00a0\u00a0\u00a0\u00a0\u00a0\u00a0\u00a0\u00a0\u00a0\u00a0\u00a0\u00a0\u00a0\u00a0\u00a0\u00a0\u00a0\u00a0\u00a0\u00a0\u00a0\u00a0\u00a0\u00a0\u00a0\u00a0\u00a0\u00a0\u00a0\u00a0\u00a0\u00a0\u00a0\u00a0\u00a0\u00a0\u00a0\u00a0\u00a0\u00a0\u00a0\u00a0\u00a0\u00a0\u00a0\u00a0\u00a0\u00a0\u00a0\u00a0\u00a0\u00a0\u00a0\u00a0\u00a0\u00a0\u00a0\u00a0\u00a0\u00a0\u00a0\u00a0\u00a0\u00a0\u00a0\u00a0\u00a0\u00a0\u00a0\u00a0\u00a0\u00a0\u00a0\u00a0\u00a0\u00a0\u00a0\u00a0\u00a0\u00a0\u00a0\u00a0\u00a0\u00a0\u00a0\u00a0\u00a0\u00a0\u00a0\u00a0\u00a0\u00a0\u00a0\u00a0\u00a0\u00a0\u00a0\u00a0\u00a0\u00a0\u00a0\u00a0\u00a0\u00a0\u00a0\u00a0\u00a0\u00a0\u00a0\u00a0\u00a0\u00a0\u00a0\u00a0\u00a0\u00a0\u00a0\u00a0\u00a0\u00a0\u00a0\u00a0\u00a0\u00a0\u00a0\u00a0\u00a0\u00a0\u00a0\u00a0\u00a0\u00a0\u00a0\u00a0\u00a0\u00a0\u00a0\u00a0\u00a0\u00a0\u00a0\u00a0\u00a0\u00a0\u00a0\u00a0\u00a0\u00a0\u00a0\u00a0\u00a0\u00a0\u00a0\u00a0\u00a0\u00a0\u00a0\u00a0\u00a0\u00a0\u00a0 Als ein Feldbahnfreund seine Sammlung von drei Dieselloks 1989 aufl\u00f6ste, konnte ich eine hervorragend restaurierte GMEINDER Typ 10\/12 (3,2 to) \u00fcbernehmen, die bis heute die gr\u00f6sste und leistungsst\u00e4rkste Lok in meiner Sammlung darstellt und wohl auch das wertvollste St\u00fcck ist.\u00a0<\/span> <span style=\"font-size: 12pt;\">Motorstart per Z\u00fcndh\u00fctchen und Andrehkurbel<\/span><\/h4>\n<p style=\"text-align: left;\"><span style=\"font-size: 12pt;\">.<\/span><span style=\"font-size: medium;\"><a href=\"http:\/\/hofherrm.de\/feldbahn\/wp-content\/uploads\/2012\/08\/zuggmdr.jpg\"><img loading=\"lazy\" decoding=\"async\" class=\"alignnone\" title=\"zuggmdr\" src=\"http:\/\/hofherrm.de\/feldbahn\/wp-content\/uploads\/2012\/08\/zuggmdr.jpg\" alt=\"\" width=\"361\" height=\"573\" \/><\/a><\/span><\/p>\n<p style=\"text-align: left;\"><span style=\"font-size: medium;\"><a href=\"http:\/\/hofherrm.de\/feldbahn\/wp-content\/uploads\/2012\/08\/zuggmdr.jpg\">f\u00e4hrt seit Ende 2024 bei einem Fabrikanten ums Betriebsgel\u00e4nde im\u00a0 badischen RHEINM\u00dcNSTER<\/a><\/span><\/p>\n<p style=\"text-align: left;\"><span style=\"font-size: medium;\"><a href=\"http:\/\/hofherrm.de\/feldbahn\/wp-content\/uploads\/2012\/08\/Diema_DL8_im_Fundzustand.jpg\"><img loading=\"lazy\" decoding=\"async\" class=\"alignleft size-full wp-image-59\" title=\"Diema_DL8_im_Fundzustand\" src=\"http:\/\/hofherrm.de\/feldbahn\/wp-content\/uploads\/2012\/08\/Diema_DL8_im_Fundzustand.jpg\" alt=\"\" width=\"360\" height=\"245\" srcset=\"http:\/\/hofherrm.de\/feldbahn\/wp-content\/uploads\/2012\/08\/Diema_DL8_im_Fundzustand.jpg 360w, http:\/\/hofherrm.de\/feldbahn\/wp-content\/uploads\/2012\/08\/Diema_DL8_im_Fundzustand-300x204.jpg 300w\" sizes=\"auto, (max-width: 360px) 100vw, 360px\" \/><\/a><\/span><\/p>\n<h6><span style=\"color: #000000;\">1999 konnte ich durch einen Tip bei einem Landmaschienenh\u00e4ndler bei Crailsheim eine <strong>DIEMA DL8<\/strong> erwerben, die dort 12 Jahre nach dem Einsatz bei einem Gipswerk abgestellt war und eigentlich wegen des Dieselmotors ausgeschlachtet werden sollte. Dieser liess sich noch drehen, die sonstige Technik war auch noch vorhanden, die R\u00e4der noch nicht eingefahren und das Fronthaubenblech ohne Beulen. <\/span><span style=\"font-size: medium;\">Im M\u00e4rz 2000 holte ich die Lok dann ab und brachte sie zur Restaurierung zur \u201eLokschmiede Bernd Bormann\u201c nach Ramsen.\u00a0\u00a0\u00a0\u00a0\u00a0\u00a0 \u00a0 \u00a0 \u00a0 \u00a0 \u00a0 \u00a0 \u00a0 \u00a0 \u00a0 \u00a0 \u00a0 \u00a0 \u00a0 \u00a0 \u00a0 \u00a0 \u00a0 \u00a0 \u00a0 \u00a0 \u00a0 \u00a0 \u00a0 \u00a0 \u00a0 \u00a0 \u00a0 \u00a0 \u00a0 \u00a0 \u00a0 \u00a0 \u00a0 \u00a0 \u00a0 \u00a0 \u00a0 \u00a0 \u00a0 \u00a0 \u00a0 \u00a0 \u00a0 \u00a0\u00a0 \u00a0\u00a0\u00a0\u00a0\u00a0 Am 26.Dez.2000 war sie fertig und ich transportierte<span style=\"color: #000000;\"> s<\/span><span style=\"color: #000000;\">ie per PKW- Transportanh\u00e4nger nach Neustadt<\/span><\/span><\/h6>\n<p style=\"text-align: left;\"><span style=\"font-size: medium;\"><a href=\"http:\/\/hofherrm.de\/feldbahn\/wp-content\/uploads\/2012\/08\/Abladen_Diema_DL8_in_Neustadt-Speyerdorf.jpg\"><img loading=\"lazy\" decoding=\"async\" class=\"\" title=\"Abladen_Diema_DL8_in_Neustadt-Speyerdorf\" src=\"http:\/\/hofherrm.de\/feldbahn\/wp-content\/uploads\/2012\/08\/Abladen_Diema_DL8_in_Neustadt-Speyerdorf.jpg\" alt=\"\" width=\"840\" height=\"297\" \/><br \/><\/a><\/span><\/p>\n<p><a href=\"http:\/\/hofherrm.de\/feldbahn\/wp-content\/uploads\/2012\/08\/1.Fahrt_Diema_DL_8_Speyerdorf__28.12.jpg\"><img loading=\"lazy\" decoding=\"async\" class=\"\" title=\"1.Fahrt_Diema_DL_8_Speyerdorf__28.12\" src=\"http:\/\/hofherrm.de\/feldbahn\/wp-content\/uploads\/2012\/08\/1.Fahrt_Diema_DL_8_Speyerdorf__28.12.jpg\" alt=\"\" width=\"848\" height=\"478\" \/><\/a><\/p>\n<table class=\" alignleft\" border=\"0\">\n<tbody>\n<tr>\n<td><span style=\"font-size: medium;\"> <a style=\"color: #bb1100;\" href=\"http:\/\/hofherrm.de\/feldbahn\/wp-content\/uploads\/2012\/08\/Lok_DL8_vorne_rechts.jpg\"><img loading=\"lazy\" decoding=\"async\" class=\"alignnone size-full wp-image-68\" style=\"border-color: #bbbbbb; background-color: #eeeeee;\" title=\"Lok_DL8_vorne_rechts\" src=\"http:\/\/hofherrm.de\/feldbahn\/wp-content\/uploads\/2012\/08\/Lok_DL8_vorne_rechts.jpg\" alt=\"\" width=\"360\" height=\"270\" srcset=\"http:\/\/hofherrm.de\/feldbahn\/wp-content\/uploads\/2012\/08\/Lok_DL8_vorne_rechts.jpg 360w, http:\/\/hofherrm.de\/feldbahn\/wp-content\/uploads\/2012\/08\/Lok_DL8_vorne_rechts-300x225.jpg 300w\" sizes=\"auto, (max-width: 360px) 100vw, 360px\" \/><\/a><\/span><\/td>\n<td><span style=\"font-size: medium;\"> <img loading=\"lazy\" decoding=\"async\" class=\"alignnone size-full wp-image-67\" title=\"Lok_DL8_vorne_links\" src=\"http:\/\/hofherrm.de\/feldbahn\/wp-content\/uploads\/2012\/08\/Lok_DL8_vorne_links.jpg\" alt=\"\" width=\"360\" height=\"270\" srcset=\"http:\/\/hofherrm.de\/feldbahn\/wp-content\/uploads\/2012\/08\/Lok_DL8_vorne_links.jpg 360w, http:\/\/hofherrm.de\/feldbahn\/wp-content\/uploads\/2012\/08\/Lok_DL8_vorne_links-300x225.jpg 300w\" sizes=\"auto, (max-width: 360px) 100vw, 360px\" \/><\/span><\/td>\n<\/tr>\n<\/tbody>\n<\/table>\n<div id=\"attachment_55\" style=\"width: 852px\" class=\"wp-caption alignleft\"><img loading=\"lazy\" decoding=\"async\" aria-describedby=\"caption-attachment-55\" class=\"wp-image-55 \" title=\"Aufl.Diema_2_\" src=\"http:\/\/hofherrm.de\/feldbahn\/wp-content\/uploads\/2012\/08\/Aufl.Diema_2_.jpg\" alt=\"\" width=\"842\" height=\"629\" srcset=\"http:\/\/hofherrm.de\/feldbahn\/wp-content\/uploads\/2012\/08\/Aufl.Diema_2_.jpg 365w, http:\/\/hofherrm.de\/feldbahn\/wp-content\/uploads\/2012\/08\/Aufl.Diema_2_-300x224.jpg 300w\" sizes=\"auto, (max-width: 842px) 100vw, 842px\" \/><p id=\"caption-attachment-55\" class=\"wp-caption-text\">Die DIEMA DS 12 verkaufte ich im Sommer 2001 an Feldbahnfreunde nach Bielefeld. Hier im Bild die Abholung durch ein LKW-Kranfahrzeug von der Stra\u00dfe aus.<\/p><\/div>\n<p style=\"text-align: left;\">\u00a0<\/p>\n<h3 style=\"text-align: left;\"><strong> <span style=\"font-size: 14pt;\">STR\u00dcVER SCHIENENKULI 5 PS<\/span><\/strong><\/h3>\n<p style=\"text-align: left;\"><span style=\"font-size: medium;\"><img loading=\"lazy\" decoding=\"async\" class=\"alignleft wp-image-75\" title=\"Str_ver_vorne\" src=\"http:\/\/hofherrm.de\/feldbahn\/wp-content\/uploads\/2012\/08\/Str_ver_vorne.jpg\" alt=\"\" width=\"581\" height=\"434\" srcset=\"http:\/\/hofherrm.de\/feldbahn\/wp-content\/uploads\/2012\/08\/Str_ver_vorne.jpg 365w, http:\/\/hofherrm.de\/feldbahn\/wp-content\/uploads\/2012\/08\/Str_ver_vorne-300x224.jpg 300w\" sizes=\"auto, (max-width: 581px) 100vw, 581px\" \/> <img loading=\"lazy\" decoding=\"async\" class=\" wp-image-74 alignleft\" title=\"Str_ver_hinten\" src=\"http:\/\/hofherrm.de\/feldbahn\/wp-content\/uploads\/2012\/08\/Str_ver_hinten.jpg\" alt=\"\" width=\"581\" height=\"434\" srcset=\"http:\/\/hofherrm.de\/feldbahn\/wp-content\/uploads\/2012\/08\/Str_ver_hinten.jpg 365w, http:\/\/hofherrm.de\/feldbahn\/wp-content\/uploads\/2012\/08\/Str_ver_hinten-300x224.jpg 300w\" sizes=\"auto, (max-width: 581px) 100vw, 581px\" \/><\/span><\/p>\n<p style=\"text-align: left;\"><span style=\"font-size: medium;\">Zur Abrundung der Sammlung fehlte nun noch das kleinste Motor-Schienenfahrzeug, der ber\u00fchmte Schienenkuli von <strong>STR\u00dcVER<\/strong>. Es ist wohl das meistgesuchte Fahrzeug der Feldbahner \u00fcberhaupt. Ca.400 St\u00fcck wurden wohl gebaut, so 80-100St\u00fcck sollen noch erhalten sein. Das Wunder, f\u00fcr ein paar Euro so eine Maschine aus dem Schuppen \u201eganz hinten\u201c zu bekommen, <\/span><span style=\"font-size: medium;\">passiert selten\u00a0 Nach 10 Jahren (!) intensiver Suche erfuhr ich vom Verkauf eines <strong>STR\u00dcVER<\/strong> durch Theo Scheres vom Oekhovener Feldbahn-Museum und konnte mich mit ihm einigen.<\/span><\/p>\n<p style=\"text-align: left;\"><span style=\"font-size: medium; color: #000000;\">Das Anwerfen ist allerdings eine Wissenschaft f\u00fcr sich.<\/span><\/p>\n<p style=\"text-align: left;\"><span style=\"font-size: medium; color: #000000;\"> Im Herbst <strong>2024<\/strong> habe ich mich (altersbedingt) entschlossen das Fahrzeug in gute H\u00e4nde weiterzugeben. Es bereichert jetzt die historische Sammlung der <strong>&#8222;3Seenbahn&#8220;<\/strong> am Schluchsee- Titisee\/Schwarzwald,<\/span><\/p>\n<h4><strong>Meine \u201eAKKULOK\u201c, die aus einem STILL-Akku-Schlepper entstand.<\/strong><\/h4>\n<p style=\"text-align: left;\"><span style=\"font-size: medium;\"><img loading=\"lazy\" decoding=\"async\" class=\"alignleft  wp-image-73\" title=\"Stillschlepper\" src=\"http:\/\/hofherrm.de\/feldbahn\/wp-content\/uploads\/2012\/08\/Stillschlepper.jpg\" alt=\"\" width=\"425\" height=\"359\" srcset=\"http:\/\/hofherrm.de\/feldbahn\/wp-content\/uploads\/2012\/08\/Stillschlepper.jpg 360w, http:\/\/hofherrm.de\/feldbahn\/wp-content\/uploads\/2012\/08\/Stillschlepper-300x253.jpg 300w, http:\/\/hofherrm.de\/feldbahn\/wp-content\/uploads\/2012\/08\/Stillschlepper-355x300.jpg 355w\" sizes=\"auto, (max-width: 425px) 100vw, 425px\" \/> <img loading=\"lazy\" decoding=\"async\" class=\"alignleft wp-image-65\" style=\"border-color: #bbbbbb; background-color: #eeeeee;\" title=\"Kettenantrieb_Akkulok\" src=\"http:\/\/hofherrm.de\/feldbahn\/wp-content\/uploads\/2012\/08\/Kettenantrieb_Akkulok.jpg\" alt=\"\" width=\"474\" height=\"355\" srcset=\"http:\/\/hofherrm.de\/feldbahn\/wp-content\/uploads\/2012\/08\/Kettenantrieb_Akkulok.jpg 365w, http:\/\/hofherrm.de\/feldbahn\/wp-content\/uploads\/2012\/08\/Kettenantrieb_Akkulok-300x224.jpg 300w\" sizes=\"auto, (max-width: 474px) 100vw, 474px\" \/><\/span><span style=\"font-size: medium;\"><a style=\"color: #bb1100;\" href=\"http:\/\/hofherrm.de\/feldbahn\/wp-content\/uploads\/2012\/08\/neue_Achse_Akkulok.jpg\"><img loading=\"lazy\" decoding=\"async\" class=\"alignleft wp-image-71\" style=\"border-color: #bbbbbb; background-color: #eeeeee;\" title=\"neue_Achse_Akkulok\" src=\"http:\/\/hofherrm.de\/feldbahn\/wp-content\/uploads\/2012\/08\/neue_Achse_Akkulok.jpg\" alt=\"\" width=\"550\" height=\"411\" srcset=\"http:\/\/hofherrm.de\/feldbahn\/wp-content\/uploads\/2012\/08\/neue_Achse_Akkulok.jpg 365w, http:\/\/hofherrm.de\/feldbahn\/wp-content\/uploads\/2012\/08\/neue_Achse_Akkulok-300x224.jpg 300w\" sizes=\"auto, (max-width: 550px) 100vw, 550px\" \/><\/a><span style=\"color: black;\"><br \/><\/span><\/span><\/p>\n<p>\u00a0<\/p>\n<p>\u00a0<\/p>\n<p>\u00a0<\/p>\n<p>\u00a0<\/p>\n<p>\u00a0<\/p>\n<p>\u00a0<\/p>\n<p style=\"text-align: left;\"><span style=\"font-size: medium;\">\u00a0\u00a0\u00a0 Da leichte Akkuloks ebenfalls \u201eGoldstaub\u201c sind, dachte ich mir, das bau\u00b4 ich mir selbst. Aus \u201ee-bay\u201c (Internet-Handel) konnte ich f\u00fcr wenige hundert Mark einen funktionsf\u00e4higen 3-Rad -Schlepper erwerben, Andreas Scholz (Dampflokschmiede aus Ober\u00f6wisheim) baute mir diesen auf Gleisradantrieb um, dabei ergab sich auch eine Sitzgelegenheit f\u00fcr Mitfahrer.Das Ger\u00e4t wiegt so unter 1 To. und ist damit bequem zu anderen Strecken zu transportieren, um als Gast dabei zu sein. <\/span><\/p>\n<p style=\"text-align: left;\"><span style=\"font-size: medium;\">Auf die hinteren Bremstrommel wurden Zahnkranzr\u00e4der geschraubt, und mittels starker Ketten mit der neuen Gleisradachse verbunden.\u00a0 \u00a0 \u00a0 \u00a0 \u00a0<\/span><span style=\"font-size: medium;\">Die Fahrgeschwindigkeit bleibt in etwa gleich, da die Gleisr\u00e4der zwar schneller <\/span><span style=\"font-size: medium;\">laufen, aber einen etwas geringeren Durchmesser als die bisherigen Gummir\u00e4der haben. Auch vorne wurde das bisherige einzelne Lenkrad durch eine starre Achse ersetzt. <\/span><span style=\"font-size: medium;\">Auf die hinteren Bremstrommel wurden Zahnkranzr\u00e4der geschraubt, und mittels starker Ketten mit der neuen Gleisradachse verbunden. <\/span><\/p>\n<p style=\"text-align: left;\"><span style=\"font-size: 12pt;\">Mittlerweile ist das Fahrzeug bei den <\/span><span style=\"color: #000000;\"><span style=\"font-size: 12pt;\"><strong>Feldbahnfreunden Neckarbischofsheim<\/strong> <span style=\"color: #000000;\">i<\/span>m Einsatz. <\/span> <a href=\"http:\/\/www.feldbahn-nbh.de\/\">http:\/\/www.feldbahn-nbh.de\/<\/a><br \/><\/span><\/p>\n<p style=\"text-align: left;\"><img loading=\"lazy\" decoding=\"async\" class=\"alignleft wp-image-70\" style=\"border-color: #bbbbbb; background-color: #eeeeee;\" title=\"neuAkkulok\" src=\"http:\/\/hofherrm.de\/feldbahn\/wp-content\/uploads\/2012\/08\/neuAkkulok.jpg\" alt=\"\" width=\"962\" height=\"722\" srcset=\"http:\/\/hofherrm.de\/feldbahn\/wp-content\/uploads\/2012\/08\/neuAkkulok.jpg 1024w, http:\/\/hofherrm.de\/feldbahn\/wp-content\/uploads\/2012\/08\/neuAkkulok-300x225.jpg 300w, http:\/\/hofherrm.de\/feldbahn\/wp-content\/uploads\/2012\/08\/neuAkkulok-400x300.jpg 400w\" sizes=\"auto, (max-width: 962px) 100vw, 962px\" \/><\/p>\n<p style=\"text-align: left;\"><span style=\"font-size: medium;\"><a href=\"http:\/\/hofherrm.de\/feldbahn\/wp-content\/uploads\/2012\/08\/Akkulok_Essl.jpg\"><img loading=\"lazy\" decoding=\"async\" class=\"alignleft  wp-image-53\" title=\"Akkulok_Essl\" src=\"http:\/\/hofherrm.de\/feldbahn\/wp-content\/uploads\/2012\/08\/Akkulok_Essl.jpg\" alt=\"\" width=\"593\" height=\"394\" srcset=\"http:\/\/hofherrm.de\/feldbahn\/wp-content\/uploads\/2012\/08\/Akkulok_Essl.jpg 360w, http:\/\/hofherrm.de\/feldbahn\/wp-content\/uploads\/2012\/08\/Akkulok_Essl-300x199.jpg 300w\" sizes=\"auto, (max-width: 593px) 100vw, 593px\" \/><\/a><\/span><\/p>\n<p>\u00a0<\/p>\n<p>\u00a0<\/p>\n<p>\u00a0<\/p>\n<p>\u00a0<\/p>\n<p>\u00a0<\/p>\n<p>\u00a0<\/p>\n<p>\u00a0<\/p>\n<p>\u00a0<\/p>\n<p style=\"text-align: left;\"><span style=\"color: black; font-size: medium;\">Eine andere seltene <span style=\"text-decoration: underline;\"><strong>Akkulok<\/strong> <\/span>besitzt heute mein aktiver Feldbahn-Freund Stefan Holzinger aus Ha\u00dfloch.<\/span><span style=\"font-size: medium;\">Das Fahrzeug fanden wir bei einem S\u00e4gewerk im Schwarzwald<\/span> <span style=\"font-size: medium;\">und Stefan hat es total zerlegt und aufgearbeitet, insbesondere konnte er den 12 Jahre nicht mehr geladenen (und sonst 3.000 \u20ac teueren) Akku (80 V) wieder zum Leben erwecken.<\/span><span style=\"font-size: medium;\">Das Fahrzeug f\u00e4hrt sich wie eine Stra\u00dfenbahn und wiegt incl.Akku so ca. 2,5 Tonnen, es ist in den Lieferlisten der Esslinger Maschinenfabrik jedoch nicht enthalten !?<\/span><\/p>\n<p>\u00a0<\/p>\n<p style=\"text-align: left;\"><span style=\"font-size: medium;\">Zu Gast auf den Speyerdorfer Gleisen war auch schon die kleine selbstgebaute Dampflok von Andreas Scholz aus Ober\u00f6wisheim.<\/span><\/p>\n<p style=\"text-align: left;\"><span style=\"font-size: medium;\"><a href=\"http:\/\/hofherrm.de\/feldbahn\/wp-content\/uploads\/2012\/08\/Gsst-Dampflok_A.jpg\"><img loading=\"lazy\" decoding=\"async\" class=\"alignleft wp-image-64\" title=\"Gsst-Dampflok_A\" src=\"http:\/\/hofherrm.de\/feldbahn\/wp-content\/uploads\/2012\/08\/Gsst-Dampflok_A.jpg\" alt=\"\" width=\"675\" height=\"497\" srcset=\"http:\/\/hofherrm.de\/feldbahn\/wp-content\/uploads\/2012\/08\/Gsst-Dampflok_A.jpg 365w, http:\/\/hofherrm.de\/feldbahn\/wp-content\/uploads\/2012\/08\/Gsst-Dampflok_A-300x221.jpg 300w\" sizes=\"auto, (max-width: 675px) 100vw, 675px\" \/><\/a><\/span><\/p>\n<p>\u00a0<\/p>\n<p>\u00a0<\/p>\n<p style=\"text-align: left;\"><span style=\"font-size: medium;\">Diese zwei Wagen, oder Sitzloren kann sie durchaus ziehen. <\/span><span style=\"font-size: medium;\">Mit ca.1,5 t Gewicht kann sie leicht auf einen PKW Anh\u00e4nger transportiert werden. <\/span><span style=\"font-size: medium;\">Mit seiner Firma FEBA-Lok entstanden bei Andreas Scholz noch zwei weitere gr\u00f6\u00dfere Dampfloks<\/span><span style=\"font-size: 12pt;\">.<\/span><\/p>\n<p><a href=\"http:\/\/hofherrm.de\/feldbahn\/wp-content\/uploads\/2012\/08\/CIMG0194.jpg\"><img loading=\"lazy\" decoding=\"async\" class=\"alignnone wp-image-80\" title=\"CIMG0194\" src=\"http:\/\/hofherrm.de\/feldbahn\/wp-content\/uploads\/2012\/08\/CIMG0194.jpg\" alt=\"\" width=\"682\" height=\"454\" \/><\/a><\/p>\n<p>Diese <strong>GMEINDER Lok Typ 10\/12<\/strong> <em>Baujahr 1939<\/em> (Cabrio-ohne Dach) konnte ich im Oktober 2011aus dem Bestand der ehemaligem Baufirma WALKER aus T\u00fcbingen erwerben. Sie wurde bei der Fa.BORMANN in Ramsen in 2012\/13 restauriert und wurde, nach dem Einbau des restaurieren KAELBLE-Motors im April 2014 fertig.<\/p>\n<p><a href=\"http:\/\/hofherrm.de\/feldbahn\/wp-content\/uploads\/2012\/08\/Gmeinder-zerlegt2.jpg\"><img loading=\"lazy\" decoding=\"async\" class=\"alignleft wp-image-291\" src=\"http:\/\/hofherrm.de\/feldbahn\/wp-content\/uploads\/2012\/08\/Gmeinder-zerlegt2.jpg\" alt=\"Gmeinder zerlegt2\" width=\"696\" height=\"522\" srcset=\"http:\/\/hofherrm.de\/feldbahn\/wp-content\/uploads\/2012\/08\/Gmeinder-zerlegt2.jpg 3456w, http:\/\/hofherrm.de\/feldbahn\/wp-content\/uploads\/2012\/08\/Gmeinder-zerlegt2-300x225.jpg 300w, http:\/\/hofherrm.de\/feldbahn\/wp-content\/uploads\/2012\/08\/Gmeinder-zerlegt2-1024x768.jpg 1024w, http:\/\/hofherrm.de\/feldbahn\/wp-content\/uploads\/2012\/08\/Gmeinder-zerlegt2-400x300.jpg 400w\" sizes=\"auto, (max-width: 696px) 100vw, 696px\" \/><\/a><\/p>\n<p>Alle Teile der Lok wurden von Fa.Bormann komplett zerlegt, sandgestrahlt, grundiert und neu lackiert<\/p>\n<p><a href=\"http:\/\/hofherrm.de\/feldbahn\/wp-content\/uploads\/2012\/08\/2014-04-13-14.56.24.jpg\"><img loading=\"lazy\" decoding=\"async\" class=\"alignleft wp-image-279\" src=\"http:\/\/hofherrm.de\/feldbahn\/wp-content\/uploads\/2012\/08\/Gmeinder-zerlegt42.jpg\" alt=\"Gmeinder zerlegt\" width=\"694\" height=\"521\" srcset=\"http:\/\/hofherrm.de\/feldbahn\/wp-content\/uploads\/2012\/08\/Gmeinder-zerlegt42.jpg 3456w, http:\/\/hofherrm.de\/feldbahn\/wp-content\/uploads\/2012\/08\/Gmeinder-zerlegt42-300x225.jpg 300w, http:\/\/hofherrm.de\/feldbahn\/wp-content\/uploads\/2012\/08\/Gmeinder-zerlegt42-1024x768.jpg 1024w, http:\/\/hofherrm.de\/feldbahn\/wp-content\/uploads\/2012\/08\/Gmeinder-zerlegt42-400x300.jpg 400w\" sizes=\"auto, (max-width: 694px) 100vw, 694px\" \/><\/a><\/p>\n<p style=\"text-align: left;\"><a href=\"http:\/\/hofherrm.de\/feldbahn\/wp-content\/uploads\/2012\/08\/2014-04-13-14.57.38.jpg\"><img loading=\"lazy\" decoding=\"async\" class=\"alignleft wp-image-288\" src=\"http:\/\/hofherrm.de\/feldbahn\/wp-content\/uploads\/2012\/08\/2014-04-13-14.57.38.jpg\" alt=\"2014-04-13 14.57.38\" width=\"631\" height=\"842\" srcset=\"http:\/\/hofherrm.de\/feldbahn\/wp-content\/uploads\/2012\/08\/2014-04-13-14.57.38.jpg 1728w, http:\/\/hofherrm.de\/feldbahn\/wp-content\/uploads\/2012\/08\/2014-04-13-14.57.38-225x300.jpg 225w, http:\/\/hofherrm.de\/feldbahn\/wp-content\/uploads\/2012\/08\/2014-04-13-14.57.38-768x1024.jpg 768w\" sizes=\"auto, (max-width: 631px) 100vw, 631px\" \/><\/a><\/p>\n<p style=\"text-align: left;\"><a href=\"http:\/\/hofherrm.de\/feldbahn\/wp-content\/uploads\/2012\/08\/2014-04-13-15.00.41.jpg\"><img loading=\"lazy\" decoding=\"async\" class=\"alignleft wp-image-289\" src=\"http:\/\/hofherrm.de\/feldbahn\/wp-content\/uploads\/2012\/08\/2014-04-13-15.00.41.jpg\" alt=\"2014-04-13 15.00.41\" width=\"632\" height=\"474\" srcset=\"http:\/\/hofherrm.de\/feldbahn\/wp-content\/uploads\/2012\/08\/2014-04-13-15.00.41.jpg 2304w, http:\/\/hofherrm.de\/feldbahn\/wp-content\/uploads\/2012\/08\/2014-04-13-15.00.41-300x225.jpg 300w, http:\/\/hofherrm.de\/feldbahn\/wp-content\/uploads\/2012\/08\/2014-04-13-15.00.41-1024x768.jpg 1024w, http:\/\/hofherrm.de\/feldbahn\/wp-content\/uploads\/2012\/08\/2014-04-13-15.00.41-400x300.jpg 400w\" sizes=\"auto, (max-width: 632px) 100vw, 632px\" \/><\/a><\/p>\n<p style=\"text-align: left;\"><a href=\"http:\/\/hofherrm.de\/feldbahn\/wp-content\/uploads\/2012\/08\/Gmeinder-Achsen.png\"><img loading=\"lazy\" decoding=\"async\" class=\"alignleft wp-image-290\" src=\"http:\/\/hofherrm.de\/feldbahn\/wp-content\/uploads\/2012\/08\/Gmeinder-Achsen.png\" alt=\"Gmeinder Achsen\" width=\"569\" height=\"569\" srcset=\"http:\/\/hofherrm.de\/feldbahn\/wp-content\/uploads\/2012\/08\/Gmeinder-Achsen.png 229w, http:\/\/hofherrm.de\/feldbahn\/wp-content\/uploads\/2012\/08\/Gmeinder-Achsen-150x150.png 150w\" sizes=\"auto, (max-width: 569px) 100vw, 569px\" \/> <\/a><a href=\"http:\/\/hofherrm.de\/feldbahn\/wp-content\/uploads\/2012\/08\/LOK_01-THW-Kran.jpg\"><img loading=\"lazy\" decoding=\"async\" class=\"alignleft wp-image-317\" src=\"http:\/\/hofherrm.de\/feldbahn\/wp-content\/uploads\/2012\/08\/LOK_01-THW-Kran.jpg\" alt=\"LOK_01 THW Kran\" width=\"572\" height=\"429\" srcset=\"http:\/\/hofherrm.de\/feldbahn\/wp-content\/uploads\/2012\/08\/LOK_01-THW-Kran.jpg 1080w, http:\/\/hofherrm.de\/feldbahn\/wp-content\/uploads\/2012\/08\/LOK_01-THW-Kran-300x225.jpg 300w, http:\/\/hofherrm.de\/feldbahn\/wp-content\/uploads\/2012\/08\/LOK_01-THW-Kran-1024x768.jpg 1024w, http:\/\/hofherrm.de\/feldbahn\/wp-content\/uploads\/2012\/08\/LOK_01-THW-Kran-400x300.jpg 400w\" sizes=\"auto, (max-width: 572px) 100vw, 572px\" \/><\/a><\/p>\n<p>\u00a0<\/p>\n<p>\u00a0<\/p>\n<p>\u00a0<\/p>\n<p>\u00a0<\/p>\n<p>\u00a0<\/p>\n<p>\u00a0<\/p>\n<p>\u00a0<\/p>\n<p>\u00a0<\/p>\n<p>\u00a0<\/p>\n<p>\u00a0<\/p>\n<p>\u00a0<\/p>\n<p>\u00a0<\/p>\n<p>\u00a0<\/p>\n<p>\u00a0<\/p>\n<p>\u00a0<\/p>\n<p>\u00a0<\/p>\n<p>\u00a0<\/p>\n<p>\u00a0<\/p>\n<p>\u00a0<\/p>\n<p>\u00a0<\/p>\n<p>\u00a0<\/p>\n<p>\u00a0<\/p>\n<p>\u00a0<\/p>\n<p>\u00a0<\/p>\n<p>\u00a0<\/p>\n<p>\u00a0<\/p>\n<p>\u00a0<\/p>\n<p>\u00a0<\/p>\n<p>\u00a0<\/p>\n<p>\u00a0<\/p>\n<p>\u00a0<\/p>\n<p>\u00a0<\/p>\n<p>\u00a0<\/p>\n<p>\u00a0<\/p>\n<p>\u00a0<\/p>\n<p>\u00a0<\/p>\n<p>\u00a0<\/p>\n<p>\u00a0<\/p>\n<p>\u00a0<\/p>\n<p>\u00a0<\/p>\n<p>\u00a0<\/p>\n<p>\u00a0<\/p>\n<p>\u00a0<\/p>\n<p>\u00a0<\/p>\n<p>\u00a0<\/p>\n<p>\u00a0<\/p>\n<p>\u00a0<\/p>\n<p>\u00a0<\/p>\n<p>\u00a0<\/p>\n<p>\u00a0<\/p>\n<p style=\"text-align: left;\"><span style=\"font-size: 12pt;\">Abladen der fertigen Lok am 11.4.14 am &#8222;Heimatbhf.Speyerdorf&#8220; durch das THW, Ortsverband Neustadt<\/span><\/p>\n<p style=\"text-align: left;\"><a class=\"alignleft wp-image-291\" href=\"http:\/\/hofherrm.de\/feldbahn\/wp-content\/uploads\/2012\/08\/2014-04-13-14.56.24.jpg\"><img loading=\"lazy\" decoding=\"async\" class=\"alignleft wp-image-292\" src=\"http:\/\/hofherrm.de\/feldbahn\/wp-content\/uploads\/2012\/08\/2014-04-13-14.56.24.jpg\" alt=\"2014-04-13 14.56.24\" width=\"769\" height=\"577\" srcset=\"http:\/\/hofherrm.de\/feldbahn\/wp-content\/uploads\/2012\/08\/2014-04-13-14.56.24.jpg 2304w, http:\/\/hofherrm.de\/feldbahn\/wp-content\/uploads\/2012\/08\/2014-04-13-14.56.24-300x225.jpg 300w, http:\/\/hofherrm.de\/feldbahn\/wp-content\/uploads\/2012\/08\/2014-04-13-14.56.24-1024x768.jpg 1024w, http:\/\/hofherrm.de\/feldbahn\/wp-content\/uploads\/2012\/08\/2014-04-13-14.56.24-400x300.jpg 400w\" sizes=\"auto, (max-width: 769px) 100vw, 769px\" \/><\/a><br \/><span style=\"font-size: 12pt;\">Der KAELBLE-Motor war beim Spezialisten Udo J\u00f6rges aus Achern in Aufarbeitung, da ein neuer Kolben rein mu\u00dfte und diverse Aggregate erneuert\/\u00fcberholt werden mu\u00dften. <\/span><\/p>\n<p style=\"text-align: left;\"><strong><span style=\"font-size: 12pt;\">Das Fahrzeug wurde an Feldbahnfreunde in Heilbronn f\u00fcr deren private Anlage abgegeben.<\/span><\/strong><\/p>\n<h5 style=\"text-align: left;\">\u00a0\u00a0\u00a0\u00a0\u00a0\u00a0\u00a0\u00a0\u00a0\u00a0\u00a0\u00a0\u00a0\u00a0\u00a0\u00a0\u00a0\u00a0\u00a0\u00a0\u00a0\u00a0\u00a0\u00a0\u00a0\u00a0\u00a0\u00a0\u00a0\u00a0\u00a0\u00a0\u00a0 Kr\u00e4fte sparendes Anwerfen des Motors mittel eines elektr. R\u00fchrwerkmotors.<\/h5>\n<div style=\"width: 480px;\" class=\"wp-video\"><video class=\"wp-video-shortcode\" id=\"video-25-1\" width=\"480\" height=\"800\" preload=\"metadata\" controls=\"controls\"><source type=\"video\/mp4\" src=\"http:\/\/hofherrm.de\/feldbahn\/wp-content\/uploads\/2020\/09\/Anlassen-Gmeinder-m.R\u00fchrwerkmotor.mp4?_=1\" \/><a href=\"http:\/\/hofherrm.de\/feldbahn\/wp-content\/uploads\/2020\/09\/Anlassen-Gmeinder-m.R\u00fchrwerkmotor.mp4\">http:\/\/hofherrm.de\/feldbahn\/wp-content\/uploads\/2020\/09\/Anlassen-Gmeinder-m.R\u00fchrwerkmotor.mp4<\/a><\/video><\/div>\n<p>\u00a0<\/p>\n<p>\u00a0<\/p>\n<div style=\"width: 1200px;\" class=\"wp-video\"><video class=\"wp-video-shortcode\" id=\"video-25-2\" width=\"1200\" height=\"675\" preload=\"auto\" controls=\"controls\"><source type=\"video\/mp4\" src=\"http:\/\/hofherrm.de\/feldbahn\/wp-content\/uploads\/2012\/08\/Gmeinderlok-Probefahrt_1.mp4?_=2\" \/><a href=\"http:\/\/hofherrm.de\/feldbahn\/wp-content\/uploads\/2012\/08\/Gmeinderlok-Probefahrt_1.mp4\">http:\/\/hofherrm.de\/feldbahn\/wp-content\/uploads\/2012\/08\/Gmeinderlok-Probefahrt_1.mp4<\/a><\/video><\/div>\n<p>************************************************************************************************************<\/p>\n<p>Hier noch ein besonderes Bild, das eigentlich keine Feldbahnlok ist, obwohl die Spurweite 600mm betr\u00e4gt:<\/p>\n<p>Vom <strong>F\u00f6rderverein Kuckucksb\u00e4hnel e.V. (Museumsbahn Neustadt-Elmstein seit \u00fcber 40 Jahren)<\/strong> wurde zu Werbezwecken f\u00fcr Ausstellungen\/Umz\u00fcge eine <strong>Dampflok T3<\/strong>, wie sie auch im Elmsteiner Tal den Museumszug fuhr, als Holzmodell im Ma\u00dfstab 1: 2,5 erbaut.<\/p>\n<p><a href=\"http:\/\/hofherrm.de\/feldbahn\/wp-content\/uploads\/2014\/01\/Lok-von-der-Seite.jpg\"><img loading=\"lazy\" decoding=\"async\" class=\"alignleft wp-image-408\" src=\"http:\/\/hofherrm.de\/feldbahn\/wp-content\/uploads\/2014\/01\/Lok-von-der-Seite.jpg\" alt=\"lok-von-der-seite\" width=\"1270\" height=\"713\" srcset=\"http:\/\/hofherrm.de\/feldbahn\/wp-content\/uploads\/2014\/01\/Lok-von-der-Seite.jpg 1632w, http:\/\/hofherrm.de\/feldbahn\/wp-content\/uploads\/2014\/01\/Lok-von-der-Seite-300x168.jpg 300w, http:\/\/hofherrm.de\/feldbahn\/wp-content\/uploads\/2014\/01\/Lok-von-der-Seite-1024x575.jpg 1024w, http:\/\/hofherrm.de\/feldbahn\/wp-content\/uploads\/2014\/01\/Lok-von-der-Seite-500x281.jpg 500w\" sizes=\"auto, (max-width: 1270px) 100vw, 1270px\" \/><\/a><\/p>\n\n\n\n<p><\/p>\n\n\n\n\n","protected":false},"excerpt":{"rendered":"<p>Die Loks der Feldbahn Speyerdorf Nr. Herstellerdaten Typ Status Bemerkung 1 Diema Nr. 2223\/1959 DL 6 betriebsf\u00e4hig 1,15t a) 2 Diema Nr. 2448\/1981(befindet sich jetzt im Besitz des DFKM-Deinste) DL 8 betriebsf\u00e4hig 2,1 t\u00a0 b) 3 Gmeinder\u00a0\u00a0 2557\/ 1936 \u00a0\u00a0\u00a0\u00a0\u00a0\u00a0 <span class=\"excerpt-dots\">&hellip;<\/span> <a class=\"more-link\" href=\"http:\/\/hofherrm.de\/feldbahn\/?page_id=25\"><span class=\"more-msg\">Weiterlesen &rarr;<\/span><\/a><\/p>\n","protected":false},"author":1,"featured_media":0,"parent":23,"menu_order":0,"comment_status":"closed","ping_status":"closed","template":"","meta":{"footnotes":""},"class_list":["post-25","page","type-page","status-publish","hentry"],"_links":{"self":[{"href":"http:\/\/hofherrm.de\/feldbahn\/index.php?rest_route=\/wp\/v2\/pages\/25","targetHints":{"allow":["GET"]}}],"collection":[{"href":"http:\/\/hofherrm.de\/feldbahn\/index.php?rest_route=\/wp\/v2\/pages"}],"about":[{"href":"http:\/\/hofherrm.de\/feldbahn\/index.php?rest_route=\/wp\/v2\/types\/page"}],"author":[{"embeddable":true,"href":"http:\/\/hofherrm.de\/feldbahn\/index.php?rest_route=\/wp\/v2\/users\/1"}],"replies":[{"embeddable":true,"href":"http:\/\/hofherrm.de\/feldbahn\/index.php?rest_route=%2Fwp%2Fv2%2Fcomments&post=25"}],"version-history":[{"count":101,"href":"http:\/\/hofherrm.de\/feldbahn\/index.php?rest_route=\/wp\/v2\/pages\/25\/revisions"}],"predecessor-version":[{"id":615,"href":"http:\/\/hofherrm.de\/feldbahn\/index.php?rest_route=\/wp\/v2\/pages\/25\/revisions\/615"}],"up":[{"embeddable":true,"href":"http:\/\/hofherrm.de\/feldbahn\/index.php?rest_route=\/wp\/v2\/pages\/23"}],"wp:attachment":[{"href":"http:\/\/hofherrm.de\/feldbahn\/index.php?rest_route=%2Fwp%2Fv2%2Fmedia&parent=25"}],"curies":[{"name":"wp","href":"https:\/\/api.w.org\/{rel}","templated":true}]}}